{"id":2904,"date":"2025-05-29T19:00:10","date_gmt":"2025-05-29T19:00:10","guid":{"rendered":"https:\/\/casaskaren2.johnweb.nl\/ubicacion\/"},"modified":"2025-07-21T15:09:43","modified_gmt":"2025-07-21T15:09:43","slug":"ubicacion","status":"publish","type":"page","link":"https:\/\/casaskaren.com\/es\/ubicacion\/","title":{"rendered":"Ubicaci\u00f3n"},"content":{"rendered":"\t\t<div data-elementor-type=\"wp-page\" data-elementor-id=\"2904\" class=\"elementor elementor-2904 elementor-1843\" data-elementor-post-type=\"page\">\n\t\t\t\t<div class=\"elementor-element elementor-element-f4a70ea e-flex e-con-boxed e-con e-parent\" data-id=\"f4a70ea\" data-element_type=\"container\" data-e-type=\"container\">\n\t\t\t\t\t<div class=\"e-con-inner\">\n\t\t\t\t<div class=\"elementor-element elementor-element-2fc1f29 elementor-widget elementor-widget-heading\" data-id=\"2fc1f29\" data-element_type=\"widget\" data-e-type=\"widget\" data-widget_type=\"heading.default\">\n\t\t\t\t<div class=\"elementor-widget-container\">\n\t\t\t\t\t<h2 class=\"elementor-heading-title elementor-size-default\">LOCALIZACI\u00d3N<\/h2>\t\t\t\t<\/div>\n\t\t\t\t<\/div>\n\t\t\t\t\t<\/div>\n\t\t\t\t<\/div>\n\t\t<div class=\"elementor-element elementor-element-a9087a0 e-flex e-con-boxed e-con e-parent\" data-id=\"a9087a0\" data-element_type=\"container\" data-e-type=\"container\">\n\t\t\t\t\t<div class=\"e-con-inner\">\n\t\t<div class=\"elementor-element elementor-element-932df97 e-con-full e-flex e-con e-child\" data-id=\"932df97\" data-element_type=\"container\" data-e-type=\"container\">\n\t\t\t\t<div class=\"elementor-element elementor-element-7670a6b elementor-widget elementor-widget-text-editor\" data-id=\"7670a6b\" data-element_type=\"widget\" data-e-type=\"widget\" data-widget_type=\"text-editor.default\">\n\t\t\t\t<div class=\"elementor-widget-container\">\n\t\t\t\t\t\t\t\t\t<p>Casas Karen est\u00e1 situado en Los Ca\u00f1os de Meca, en la Costa de la Luz, una de las costas menos mimadas y m\u00e1s espectaculares de Espa\u00f1a. Aqu\u00ed no encontrar\u00e1s grandes hoteles ni edificios altos, sino un bonito pueblo costero dispuesto a lo largo de los acantilados, con una de las playas m\u00e1s v\u00edrgenes de Andaluc\u00eda a s\u00f3lo 5-10 minutos a pie. <\/p><p>El faro de Trafalgar separa la bah\u00eda principal de Ca\u00f1os de las aguas m\u00e1s abiertas del Atl\u00e1ntico al otro lado (un lugar sublime para contemplar la puesta de sol). La zona es famosa por el surf, la nataci\u00f3n y el submarinismo, y su impresionante paisaje es perfecto para pasear, hacer excursiones en bicicleta y montar a caballo por las colinas y praderas del Parque Natural de la Bre\u00f1a y Marismas del Barbate. <\/p>\t\t\t\t\t\t\t\t<\/div>\n\t\t\t\t<\/div>\n\t\t\t\t<\/div>\n\t\t<div class=\"elementor-element elementor-element-34e83a1 e-con-full e-flex e-con e-child\" data-id=\"34e83a1\" data-element_type=\"container\" data-e-type=\"container\">\n\t\t\t\t<div class=\"elementor-element elementor-element-42c5a43 elementor-widget elementor-widget-image\" data-id=\"42c5a43\" data-element_type=\"widget\" data-e-type=\"widget\" data-widget_type=\"image.default\">\n\t\t\t\t<div class=\"elementor-widget-container\">\n\t\t\t\t\t\t\t\t\t\t\t\t\t\t\t<img fetchpriority=\"high\" decoding=\"async\" width=\"211\" height=\"295\" src=\"https:\/\/casaskaren.com\/wp-content\/uploads\/2025\/06\/mapa-de-canos-de-meca.jpeg\" class=\"attachment-large size-large wp-image-2913\" alt=\"\" \/>\t\t\t\t\t\t\t\t\t\t\t\t\t\t\t<\/div>\n\t\t\t\t<\/div>\n\t\t\t\t<\/div>\n\t\t\t\t\t<\/div>\n\t\t\t\t<\/div>\n\t\t<div class=\"elementor-element elementor-element-8b75717 e-flex e-con-boxed e-con e-parent\" data-id=\"8b75717\" data-element_type=\"container\" data-e-type=\"container\">\n\t\t\t\t\t<div class=\"e-con-inner\">\n\t\t<div class=\"elementor-element elementor-element-4ef0016 e-con-full e-flex e-con e-child\" data-id=\"4ef0016\" data-element_type=\"container\" data-e-type=\"container\">\n\t\t\t\t<div class=\"elementor-element elementor-element-67bed82 elementor-widget elementor-widget-image\" data-id=\"67bed82\" data-element_type=\"widget\" data-e-type=\"widget\" data-widget_type=\"image.default\">\n\t\t\t\t<div class=\"elementor-widget-container\">\n\t\t\t\t\t\t\t\t\t\t\t\t\t\t\t<img decoding=\"async\" width=\"605\" height=\"364\" src=\"https:\/\/casaskaren.com\/wp-content\/uploads\/2025\/06\/plano-de-casas-karen.jpeg\" class=\"attachment-large size-large wp-image-2914\" alt=\"\" srcset=\"https:\/\/casaskaren.com\/wp-content\/uploads\/2025\/06\/plano-de-casas-karen.jpeg 605w, https:\/\/casaskaren.com\/wp-content\/uploads\/2025\/06\/plano-de-casas-karen-300x180.jpeg 300w\" sizes=\"(max-width: 605px) 100vw, 605px\" \/>\t\t\t\t\t\t\t\t\t\t\t\t\t\t\t<\/div>\n\t\t\t\t<\/div>\n\t\t\t\t<div class=\"elementor-element elementor-element-fc75c6f elementor-widget elementor-widget-text-editor\" data-id=\"fc75c6f\" data-element_type=\"widget\" data-e-type=\"widget\" data-widget_type=\"text-editor.default\">\n\t\t\t\t<div class=\"elementor-widget-container\">\n\t\t\t\t\t\t\t\t\t<p>El estilo de nuestras casas, chozas y apartamentos se inspira en nuestro entorno y en la historia de esta parte de Espa\u00f1a. Esto significa mirar tanto a Andaluc\u00eda como a Marruecos (las monta\u00f1as del Rif son claramente visibles al otro lado del agua en los d\u00edas buenos) y al legado que dejaron los moros. Situado en casi 8.000 m2 de jardines aut\u00f3ctonos, te parecer\u00e1 un lugar m\u00e1gico para relajarte en tranquila intimidad.  <\/p>\t\t\t\t\t\t\t\t<\/div>\n\t\t\t\t<\/div>\n\t\t\t\t<div class=\"elementor-element elementor-element-ca117e9 elementor-widget elementor-widget-image\" data-id=\"ca117e9\" data-element_type=\"widget\" data-e-type=\"widget\" data-widget_type=\"image.default\">\n\t\t\t\t<div class=\"elementor-widget-container\">\n\t\t\t\t\t\t\t\t\t\t\t\t\t\t\t<img decoding=\"async\" width=\"605\" height=\"435\" src=\"https:\/\/casaskaren.com\/wp-content\/uploads\/2025\/06\/dibujo-casas-karen.jpeg\" class=\"attachment-large size-large wp-image-2917\" alt=\"\" srcset=\"https:\/\/casaskaren.com\/wp-content\/uploads\/2025\/06\/dibujo-casas-karen.jpeg 605w, https:\/\/casaskaren.com\/wp-content\/uploads\/2025\/06\/dibujo-casas-karen-300x216.jpeg 300w\" sizes=\"(max-width: 605px) 100vw, 605px\" \/>\t\t\t\t\t\t\t\t\t\t\t\t\t\t\t<\/div>\n\t\t\t\t<\/div>\n\t\t\t\t<div class=\"elementor-element elementor-element-466c10c elementor-widget elementor-widget-text-editor\" data-id=\"466c10c\" data-element_type=\"widget\" data-e-type=\"widget\" data-widget_type=\"text-editor.default\">\n\t\t\t\t<div class=\"elementor-widget-container\">\n\t\t\t\t\t\t\t\t\t<p>podemos proporcionarte informaci\u00f3n adicional sobre la zona, desde restaurantes locales hasta paseos secretos que te llevan a cascadas y manantiales refrescantes.<\/p>\t\t\t\t\t\t\t\t<\/div>\n\t\t\t\t<\/div>\n\t\t\t\t<div class=\"elementor-element elementor-element-407ec60 elementor-widget elementor-widget-image\" data-id=\"407ec60\" data-element_type=\"widget\" data-e-type=\"widget\" data-widget_type=\"image.default\">\n\t\t\t\t<div class=\"elementor-widget-container\">\n\t\t\t\t\t\t\t\t\t\t\t\t\t\t\t<img loading=\"lazy\" decoding=\"async\" width=\"605\" height=\"435\" src=\"https:\/\/casaskaren.com\/wp-content\/uploads\/2025\/07\/draw-casas-karen.jpeg\" class=\"attachment-large size-large wp-image-2918\" alt=\"\" srcset=\"https:\/\/casaskaren.com\/wp-content\/uploads\/2025\/07\/draw-casas-karen.jpeg 605w, https:\/\/casaskaren.com\/wp-content\/uploads\/2025\/07\/draw-casas-karen-300x216.jpeg 300w\" sizes=\"(max-width: 605px) 100vw, 605px\" \/>\t\t\t\t\t\t\t\t\t\t\t\t\t\t\t<\/div>\n\t\t\t\t<\/div>\n\t\t\t\t<\/div>\n\t\t\t\t\t<\/div>\n\t\t\t\t<\/div>\n\t\t<div class=\"elementor-element elementor-element-6b64f4f e-flex e-con-boxed e-con e-parent\" data-id=\"6b64f4f\" data-element_type=\"container\" data-e-type=\"container\">\n\t\t\t\t\t<div class=\"e-con-inner\">\n\t\t\t\t<div class=\"elementor-element elementor-element-d91732a elementor-widget elementor-widget-google_maps\" data-id=\"d91732a\" data-element_type=\"widget\" data-e-type=\"widget\" data-widget_type=\"google_maps.default\">\n\t\t\t\t<div class=\"elementor-widget-container\">\n\t\t\t\t\t\t\t<div class=\"elementor-custom-embed\">\n\t\t\t<iframe loading=\"lazy\"\n\t\t\t\t\tsrc=\"https:\/\/maps.google.com\/maps?q=Cam.%20del%20Monte%2C%206%2C%2011159%20Los%20Ca%C3%B1os%20de%20Meca%2C%20C%C3%A1diz&#038;t=m&#038;z=10&#038;output=embed&#038;iwloc=near\"\n\t\t\t\t\ttitle=\"Cam. del Monte, 6, 11159 Los Ca\u00f1os de Meca, C\u00e1diz\"\n\t\t\t\t\taria-label=\"Cam. del Monte, 6, 11159 Los Ca\u00f1os de Meca, C\u00e1diz\"\n\t\t\t><\/iframe>\n\t\t<\/div>\n\t\t\t\t\t\t<\/div>\n\t\t\t\t<\/div>\n\t\t\t\t\t<\/div>\n\t\t\t\t<\/div>\n\t\t<div class=\"elementor-element elementor-element-68cfa56 e-flex e-con-boxed e-con e-parent\" data-id=\"68cfa56\" data-element_type=\"container\" data-e-type=\"container\">\n\t\t\t\t\t<div class=\"e-con-inner\">\n\t\t\t\t<div class=\"elementor-element elementor-element-f2964e1 elementor-widget-divider--view-line_icon elementor-view-default elementor-widget-divider--element-align-center elementor-widget elementor-widget-divider\" data-id=\"f2964e1\" data-element_type=\"widget\" data-e-type=\"widget\" data-widget_type=\"divider.default\">\n\t\t\t\t<div class=\"elementor-widget-container\">\n\t\t\t\t\t\t\t<div class=\"elementor-divider\">\n\t\t\t<span class=\"elementor-divider-separator\">\n\t\t\t\t\t\t\t<div class=\"elementor-icon elementor-divider__element\">\n\t\t\t\t\t<svg aria-hidden=\"true\" class=\"e-font-icon-svg e-fas-star\" viewBox=\"0 0 576 512\" xmlns=\"http:\/\/www.w3.org\/2000\/svg\"><path d=\"M259.3 17.8L194 150.2 47.9 171.5c-26.2 3.8-36.7 36.1-17.7 54.6l105.7 103-25 145.5c-4.5 26.3 23.2 46 46.4 33.7L288 439.6l130.7 68.7c23.2 12.2 50.9-7.4 46.4-33.7l-25-145.5 105.7-103c19-18.5 8.5-50.8-17.7-54.6L382 150.2 316.7 17.8c-11.7-23.6-45.6-23.9-57.4 0z\"><\/path><\/svg><\/div>\n\t\t\t\t\t\t<\/span>\n\t\t<\/div>\n\t\t\t\t\t\t<\/div>\n\t\t\t\t<\/div>\n\t\t\t\t<div class=\"elementor-element elementor-element-c9506df elementor-widget elementor-widget-text-editor\" data-id=\"c9506df\" data-element_type=\"widget\" data-e-type=\"widget\" data-widget_type=\"text-editor.default\">\n\t\t\t\t<div class=\"elementor-widget-container\">\n\t\t\t\t\t\t\t\t\t<div class=\"et_pb_testimonial_description_inner\"><div class=\"et_pb_testimonial_content\"><div class=\"et_pb_testimonial_description_inner\"><div class=\"et_pb_testimonial_content\"><div class=\"et_pb_testimonial_description_inner\"><div class=\"et_pb_testimonial_content\"><div class=\"et_pb_testimonial_description_inner\"><div class=\"et_pb_testimonial_content\"><p>\u00abUn raro pedazo de Ed\u00e9n si tu idea de unas vacaciones como Dios manda es leer, relajarte y dar largos paseos por la playa. Es un campo \u00fanico de casas de paja (chozas) andaluzas y un cortijo restaurado, todo rodeado de jardines ind\u00f3mitos.\u00bb<\/p><\/div><\/div><p><span class=\"et_pb_testimonial_author\">Gu\u00eda del tiempo de espera<\/span><\/p><\/div><\/div><\/div><\/div><\/div><\/div>\t\t\t\t\t\t\t\t<\/div>\n\t\t\t\t<\/div>\n\t\t\t\t<div class=\"elementor-element elementor-element-a030f13 elementor-widget-divider--view-line elementor-widget elementor-widget-divider\" data-id=\"a030f13\" data-element_type=\"widget\" data-e-type=\"widget\" data-widget_type=\"divider.default\">\n\t\t\t\t<div class=\"elementor-widget-container\">\n\t\t\t\t\t\t\t<div class=\"elementor-divider\">\n\t\t\t<span class=\"elementor-divider-separator\">\n\t\t\t\t\t\t<\/span>\n\t\t<\/div>\n\t\t\t\t\t\t<\/div>\n\t\t\t\t<\/div>\n\t\t\t\t<div class=\"elementor-element elementor-element-44493e1 elementor-widget elementor-widget-text-editor\" data-id=\"44493e1\" data-element_type=\"widget\" data-e-type=\"widget\" data-widget_type=\"text-editor.default\">\n\t\t\t\t<div class=\"elementor-widget-container\">\n\t\t\t\t\t\t\t\t\t<div class=\"et_pb_module et_pb_text et_pb_text_6 et_pb_text_align_left et_pb_bg_layout_light\"><div class=\"et_pb_text_inner\"><h3>C\u00f3mo llegar a Casas Karen en coche<\/h3><p> <\/p><p>Tomando la autov\u00eda A-48 desde C\u00e1diz en direcci\u00f3n a Tarifa, sal por la salida 36, se\u00f1alizada como Vejer de la Frontera y Los Ca\u00f1os de Meca.<\/p><p>En la primera rotonda gira a la derecha y sigue las indicaciones hacia Los Ca\u00f1os de Meca y El Palmar. Despu\u00e9s de unos 10 km ver\u00e1s una gasolinera a tu derecha, gira a la izquierda en la rotonda. <\/p><p>Unos 4 km m\u00e1s adelante ver\u00e1s la carretera que lleva al Cabo de Trafalgar y el faro a tu derecha, y a la izquierda, el Mini-golf del Hostal Cafeter\u00eda. Este es el inicio de Los Ca\u00f1os de Meca. Contin\u00faa unos 500 metros y en la cuarta calle a la izquierda ver\u00e1s la Artesan\u00eda Levante, Caf\u00e9 &amp; Restaurante. Gira aqu\u00ed a la izquierda por la Calle Levante, asfaltada, con dos carteles de azulejos en la entrada. Uno dice \u00abApartamentos y Bungalows\u00bb, el otro \u00abTrafalgar\u00bb.    <\/p><p>Ver\u00e1s una puerta que dice \u00abResidencial Cabo de Trafalgar\u00bb. Ponte en contacto con nosotros para abrirla. <\/p><p>Sigue esta carretera unos 400 metros y gira a la derecha en Camino del Monte (un camino de tierra). A unos 50 metros ver\u00e1s un pozo blanco a la izquierda: \u00a1has llegado a Casas Karen! <\/p><p>Aparcamiento<\/p><p>Encontrar\u00e1s espacio para aparcar a poca distancia por esta carretera para la oficina, la Casa Karen 1, la Casa Karen 2 y la Choza Grande. (Veinte metros m\u00e1s adelante de la entrada de la oficina encontrar\u00e1s una peque\u00f1a verja r\u00fastica que es la entrada privada a la Choza Grande). <\/p><p>Para la Casa del Monte, la Casita del Medio, el Estudio del Madro\u00f1o, el Estudio Trafalgar, la Choza Peque\u00f1a y la Chozita, toma la calle Fuente del Madro\u00f1o, que es el siguiente desv\u00edo a la derecha despu\u00e9s del Camino del Monte.<\/p><p>A unos 50 metros por esta carretera, gira a la derecha por un camino de tierra y ver\u00e1s aparcamientos a tu izquierda inmediata para la Casa del Monte, el Estudio Trafalgar y<\/p><p>Estudio del Madro\u00f1o. Aqu\u00ed hay plazas para tres coches. Encontrar\u00e1s tu alojamiento respectivo a la izquierda o a la derecha de tu plaza de aparcamiento.  <\/p><p>Para la Casa del Monte hay una peque\u00f1a entrada a tu izquierda y la casa es la primera a tu derecha.<\/p><p>Para el Estudio Trafalgar, la entrada est\u00e1 a la derecha de la plaza de aparcamiento.<\/p><p>Para el Estudio del Madro\u00f1o, dir\u00edgete a tu derecha, abre la entrada con una cadena y luego camina hacia la izquierda. El Estudio del Madro\u00f1o es el segundo estudio a tu izquierda. <\/p><p>Para la Choza Peque\u00f1a, la Chozita y la Casita del Medio, el aparcamiento est\u00e1 a la derecha, delante de \u00abCasas La Meca\u00bb, en la calle Fuente del Madro\u00f1o.<\/p><p>Para llegar a la Chozita, la Casita del Medio y el Estudio del Madro\u00f1o, utiliza la entrada que hay justo antes del aparcamiento, para no molestar a los hu\u00e9spedes alojados en la Choza Peque\u00f1a.<\/p><p>Para La Casita del Medio, busca a tu derecha las puertas dobles azules del patio. Atraviesa las puertas y ver\u00e1s dos puertas a tu izquierda. \u00c9sta es la Casita del Medio.  <\/p><p>Para llegar al Estudio Madro\u00f1o, pasa por delante de las puertas dobles azules de La Casita del Medio hasta el final del edificio y gira a la derecha. Ver\u00e1s una puerta estable con una peque\u00f1a ventana: es el Estudio Madro\u00f1o. <\/p><p>Hay un plano de las casas del recinto en el tabl\u00f3n de anuncios junto a la oficina.<\/p><\/div><\/div><div class=\"et_pb_module et_pb_text et_pb_text_7 et_pb_text_align_left et_pb_bg_layout_light\"><div class=\"et_pb_text_inner\"> <\/div><\/div>\t\t\t\t\t\t\t\t<\/div>\n\t\t\t\t<\/div>\n\t\t\t\t<div class=\"elementor-element elementor-element-043fa29 elementor-widget elementor-widget-heading\" data-id=\"043fa29\" data-element_type=\"widget\" data-e-type=\"widget\" data-widget_type=\"heading.default\">\n\t\t\t\t<div class=\"elementor-widget-container\">\n\t\t\t\t\t<h2 class=\"elementor-heading-title elementor-size-default\">TRANSPORTE<\/h2>\t\t\t\t<\/div>\n\t\t\t\t<\/div>\n\t\t\t\t<div class=\"elementor-element elementor-element-e614694 elementor-widget elementor-widget-text-editor\" data-id=\"e614694\" data-element_type=\"widget\" data-e-type=\"widget\" data-widget_type=\"text-editor.default\">\n\t\t\t\t<div class=\"elementor-widget-container\">\n\t\t\t\t\t\t\t\t\t<div class=\"et_pb_module et_pb_text et_pb_text_6 et_pb_text_align_left et_pb_bg_layout_light\"><div class=\"et_pb_text_inner\"><p>Comprueba siempre los detalles del transporte, \u00a1por si hay cambios!<\/p><p>Los tiempos de viaje indicados son en coche, aproximaciones y c\u00e1lculos sin tr\u00e1fico.<\/p><h3>Aeropuertos<\/h3><p>Los lugares m\u00e1s cercanos a los que volar son<\/p><p>&#8211; Jerez de la Frontera (85 km, 1 hora)<br>&#8211; Gibraltar (105 km, 1,15 horas)<br>&#8211; Sevilla (170 km, 1,30 a 2 horas)<br>&#8211; M\u00e1laga (210 km, 2,30 horas)<br>&#8211; Faro (Algarve), Portugal (360 km, 4 horas)<br>&#8211; Lisboa (604 km, 5,75 horas)<br>&#8211; T\u00e1nger, Marruecos (Norte de \u00c1frica): Aeropuerto de T\u00e1nger Boukhalef (TNG) \/ 35 min. en barco r\u00e1pido hasta Tarifa, luego 50 min. en coche hasta Los Ca\u00f1os de Meca. Los barcos s\u00f3lo salen con las condiciones meteorol\u00f3gicas adecuadas: <a title=\"FRS\" href=\"http:\/\/www.frs.es\/\" target=\"_blank\" rel=\"noopener\">http:\/\/www.frs.es<\/a> <\/p><h3>Aerol\u00edneas<\/h3><p>&#8211; <a title=\"Ryanair\" href=\"http:\/\/www.ryanair.com\/\" target=\"_blank\" rel=\"noopener\">http:\/\/www.ryanair.com<\/a><br>&#8211; <a title=\"Tulfly\" href=\"https:\/\/en.tuifly.com\/\" target=\"_blank\" rel=\"noopener\">https:\/\/en.tuifly.com<\/a><br>&#8211; <a title=\"Aerol\u00edneas Brusselas\" href=\"http:\/\/www.brusselsairlines.com\/\" target=\"_blank\" rel=\"noopener\">http:\/\/www.brusselsairlines.com<\/a><br>&#8211; <a title=\"Easyjet\" href=\"http:\/\/www.easyjet.com\/\" target=\"_blank\" rel=\"noopener\">http:\/\/www.easyjet.com<\/a> a Gibraltar, M\u00e1laga y consulta otras posibilidades    <br>&#8211; <a title=\"British Airways\" href=\"http:\/\/www.britishairways.com\/\" target=\"_blank\" rel=\"noopener\">http:\/\/www.britishairways.com<\/a><br>&#8211; <a title=\"LastMinute\" href=\"http:\/\/www.lastminute.com\/\" target=\"_blank\" rel=\"noopener\">http:\/\/www.lastminute.com<\/a><br>&#8211; <a title=\"Iberia\" href=\"http:\/\/www.iberia.com\/\" target=\"_blank\" rel=\"noopener\">http:\/\/www.iberia.com<\/a><br>&#8211; <a title=\"Rumbo\" href=\"http:\/\/www.rumbo.es\/\" target=\"_blank\" rel=\"noopener\">http:\/\/www.rumbo.es<\/a><br>&#8211;      <a title=\"Vueling\" href=\"http:\/\/www.vueling.es\/\" target=\"_blank\" rel=\"noopener\">http:\/\/www.vueling.es<\/a><\/p><p>Para m\u00e1s informaci\u00f3n sobre c\u00f3mo comprar vuelos asequibles en Europa, consulta: <a title=\"Ir a Euro\" href=\"http:\/\/www.goeuro.com\/flights\/cheap-flights-to-europe#time-of-year\" target=\"_blank\" rel=\"noopener\">http:\/\/www.goeuro.com\/flights\/cheap-flights-to-europe#time-of-year<\/a><\/p><h3>Taxis<\/h3><p>&#8211; Taxi Jose Ramon Galindo (+34) 659 273 111<br>&#8211; El Nene (+34) 630 227 657 (6 Plazas)<\/p><h3>Compartir coche<\/h3><p><a title=\"Bla bla coche\" href=\"http:\/\/www.blablacar.es\/\" target=\"_blank\" rel=\"noopener\">http:\/\/www.blablacar.es<\/a><\/p><h3>Trenes<\/h3><p><a title=\"Renfe\" href=\"http:\/\/www.renfe.com\/\" target=\"_blank\" rel=\"noopener\">http:\/\/www.renfe.com<\/a> &#8211; Tel. (+34) 91 232 0320<br>Renfe es la Red Nacional de Ferrocarriles Espa\u00f1oles. <\/p><p>Puedes comprar directamente en el sitio de Renfe, pero algunas tarjetas de cr\u00e9dito de Estados Unidos y Australia no pueden procesarse.<\/p><p>Los billetes pueden reservarse con hasta 62 d\u00edas de antelaci\u00f3n para los trenes de alta velocidad y pueden reservarse con 24-48 horas de antelaci\u00f3n.<\/p><p>M\u00e1s informaci\u00f3n sobre los problemas de compra en Renfe:<br>&#8211; 91 cosas a tener en cuenta al comprar en Renfe <a title=\"TripAdvisor\" href=\"http:\/\/www.tripadvisor.com\/Travel-g187514-c80518\/Madrid:Spain:Buying.Renfe.Tickets.Online.html\" target=\"_blank\" rel=\"noopener\">http:\/\/www.tripadvisor.com\/Travel-g187514-c80518\/Madrid:Spain:Buying.Renfe.Tickets.Online.html<\/a><\/p><h3>Estaciones de tren m\u00e1s cercanas<\/h3><p>&#8211; San Fernando Bah\u00eda Sur (45 km, 35 min.)<br>&#8211; No hay autobuses desde esta estaci\u00f3n de tren.<br>&#8211; C\u00e1diz (60 km, 54 min.)<br>&#8211; Jerez de la Frontera (76 km, 1 hora)<br>&#8211; Algeciras (85 km, 1 hora)<\/p><p>Consulta la secci\u00f3n Autobuses m\u00e1s abajo y los sitios web correspondientes para conocer las opciones a Los Ca\u00f1os de Meca y la zona.<\/p><h3>Autobuses<\/h3><p>Comprueba siempre dos veces los detalles del transporte, \u00a1por si hay cambios!<\/p><p>Empresa Comes Bus (C\u00e1diz, Andaluc\u00eda, Murcia)<br><a title=\"Viene TG\" href=\"http:\/\/www.tgcomes.es\/\" target=\"_blank\" rel=\"noopener\">http:\/\/www.tgcomes.es<\/a><\/p><p>&#8211; Tel. (+34) 956 291 168<br>&#8211; Oficina de C\u00e1diz: (+34) 956 807 059<br>&#8211; Horario de Sevilla por Los Ca\u00f1os de Meca, Barbate, Zahara de los Atunes, Atlanterra <a title=\"Viene TG\" href=\"http:\/\/www.tgcomes.es\/horarios_17.htm\" target=\"_blank\" rel=\"noopener\">http:\/\/www.tgcomes.es\/horarios_17.htm<\/a> <\/p><p>Movelia 902 64 64 28 movelia.es<\/p><p>&#8211; N\u00famero de tel\u00e9fono s\u00f3lo desde Espa\u00f1a. (El coste de la llamada es de 0,09\u20ac m\u00e1s 0,08\u20ac por minuto. <br>&#8211; Movelia es una central de compras de billetes de autob\u00fas. Tienen relaci\u00f3n con TG Comes y muchas otras empresas de autobuses.<br>&#8211; Ofrecen tanto rutas en Espa\u00f1a como internacionales.<br>&#8211; OJO *Si escribes Ca\u00f1os de Meca, u otro destino en la secci\u00f3n \u00abDestino\u00bb, lo m\u00e1s probable es que no reconozca el destino.<br>&#8211; Tienes que seleccionar el nombre del lugar de las listas\/ Listados.<br>&#8211; No escribas nada. <\/p><p>&#8211; Sevilla a Los Ca\u00f1os de Meca\/ normalmente s\u00f3lo en temporada alta<br>&#8211; Sevilla a C\u00e1diz<br>&#8211; C\u00e1diz a Los Ca\u00f1os de Meca (normalmente no los fines de semana o festivos en temporada baja, consulta)<br>&#8211; Sevilla a La Barca de Vejer (suele haber taxis aqu\u00ed), Conil pueblo, o Cruce de Conil\/ todo el a\u00f1o (cada uno a 15 o 20 min. en coche)<\/p><h3>Estaciones\/paradas de autob\u00fas m\u00e1s cercanas<\/h3><p>&#8211; Los Ca\u00f1os de Meca<br>&#8211; Barbate (7 km, 10 min.)<br>&#8211; Vejer de la Frontera (14 km, 15-20 min.)<br>&#8211; Cruce de Conil (15 km, 15-20 min.) En la N-340, a 1 km del pueblo de Conil<br>&#8211; Conil de la Frontera (pueblo) (17 km, 15 min.)<br>&#8211; La Barca de Vejer (18 km, 15-20 min.)<\/p><p>Para comprar billetes de autob\u00fas y ver los horarios, visita <a title=\"Movelia\" href=\"https:\/\/casaskaren.com\/en\/location\/movelia.es\" target=\"_blank\" rel=\"noopener\">movelia.es<\/a> y\/o <a title=\"Viene TG\" href=\"https:\/\/casaskaren.com\/en\/location\/tgcomes.es\" target=\"_blank\" rel=\"noopener\">tgcomes.es<\/a><\/p><p>Para autobuses de M\u00e1laga a La Barca de Vejer, consulta <a title=\"Autob\u00fas Avanza\" href=\"http:\/\/portillo.avanzabus.com\/es\" target=\"_blank\" rel=\"noopener\">http:\/\/portillo.avanzabus.com\/es<\/a> o llama al Tel. (+34) 955 038 665. Si no hay autob\u00fas directo, prueba de M\u00e1laga a Algeciras y luego de Algeciras a La Barca de Vejer.<\/p><p>Hay autobuses directos de Sevilla a Los Ca\u00f1os de Meca, normalmente s\u00f3lo en temporada alta.<\/p><p>Tambi\u00e9n hay autobuses desde La L\u00ednea de la Concepci\u00f3n, a las afueras de Gibraltar. Puedes encontrar taxis en La L\u00ednea despu\u00e9s de salir de la aduana. La estaci\u00f3n de autobuses est\u00e1 a unos 5-10 minutos a pie. Despu\u00e9s de la aduana, gira a la izquierda por la Avenida Pr\u00edncipe de Asurias, y luego toma a la derecha la Avenida Europa.   <\/p><p>Estaciones de autobuses<br>Sevilla: Estaci\u00f3n Prado de San Sebasti\u00e1n Tel (+34) 954 416 858<br>Jerez: Plaza de La Estaci\u00f3n, 11401 Jerez de la Frontera Tel (+34) 956 321 464<br>Algeciras: Estaci\u00f3n San Bernardo, 1 Tel. (+34) 956 653 456<br>M\u00e1laga: Paseo de los Tilos, 29006 M\u00e1laga Tel. (+34) 952 35 00 61<br>Tarifa: Batalla del Salado,19 Tel. (+34) 956 684 038<br>La L\u00ednea: Calle de 20 de Abril, 31, 11300 La L\u00ednea de la Concepci\u00f3n 956 17 00 93  <\/p><p>Faro, Portugal: Av. da Rep\u00fablica 1, 8000-078 Faro, Portugal Tel (+351) 289 899 760<br>T\u00e1nger, Marruecos: Plaza Al Jamia Al Arabia, T\u00e1nger 90060, Marruecos Tel (+212) 655-802005 <\/p><h3>Barcos<\/h3><p>Para m\u00e1s informaci\u00f3n sobre visitas tur\u00edsticas en barco y excursiones en barco por la zona, \u00a1consulta los enlaces siguientes!<\/p><h3>Para viajar<\/h3><p>&#8211; Tarifa a T\u00e1nger <a title=\"FRS\" href=\"http:\/\/www.frs.es\/\" target=\"_blank\" rel=\"noopener\">http:\/\/www.frs.es<\/a><br>&#8211; Espa\u00f1a e Internacional <a title=\"Haz clic en Ferry\" href=\"http:\/\/www.clickferry.com\/en\/\" target=\"_blank\" rel=\"noopener\">http:\/\/www.clickferry.com\/en\/<\/a><br>&#8211; Bah\u00eda de C\u00e1diz, C\u00e1diz al Puerto de Santa Mar\u00eda y Rota Barcos de Cercan\u00edas\/Transporte Local <a title=\"CMTBC\" href=\"http:\/\/siu.cmtbc.es\/es\/lineas.php\" target=\"_blank\" rel=\"noopener\">http:\/\/siu.cmtbc.es\/es\/lineas.php<\/a><br>&#8211; General <a title=\"Naviera Armas\" href=\"http:\/\/www.navieraarmas.com\/es\/inicio\" target=\"_blank\" rel=\"noopener\">http:\/\/www.navieraarmas.com\/es\/inicio<\/a><\/p><h3>Para hacer turismo<\/h3><p>&#8211; <a title=\"El Vaporcito\" href=\"https:\/\/el-puerto-de-santa-maria.costasur.com\/es\/navegar-en-el-vaporcito.html\" target=\"_blank\" rel=\"noopener\">https:\/\/el-puerto-de-santa-maria.costasur.com\/es\/navegar-en-el-vaporcito.html<\/a><br>&#8211; Sevilla, R\u00edo Guadalquivir a Sanl\u00facar de Barrameda &amp; Sevilla Monumental <a title=\"Cruceros Torre del Oro\" href=\"http:\/\/www.crucerostorredeloro.com\/\" target=\"_blank\" rel=\"noopener\">http:\/\/www.crucerostorredeloro.com<\/a><br>&#8211; Ferry entre Espa\u00f1a y Vila Real de Santo Antonio, Portugal <a title=\"R\u00edo Guadiana\" href=\"http:\/\/www.rioguadiana.net\/home\" target=\"_blank\" rel=\"noopener\">http:\/\/www.rioguadiana.net\/home<\/a><\/p><\/div><\/div>\t\t\t\t\t\t\t\t<\/div>\n\t\t\t\t<\/div>\n\t\t\t\t\t<\/div>\n\t\t\t\t<\/div>\n\t\t\t\t<\/div>\n\t\t","protected":false},"excerpt":{"rendered":"<p>LOCALIZACI\u00d3N Casas Karen est\u00e1 situado en Los Ca\u00f1os de Meca, en la Costa de la Luz, una de las costas [&hellip;]<\/p>\n","protected":false},"author":1,"featured_media":0,"parent":0,"menu_order":0,"comment_status":"closed","ping_status":"closed","template":"elementor_header_footer","meta":{"site-sidebar-layout":"no-sidebar","site-content-layout":"","ast-site-content-layout":"full-width-container","site-content-style":"default","site-sidebar-style":"default","ast-global-header-display":"","ast-banner-title-visibility":"","ast-main-header-display":"","ast-hfb-above-header-display":"","ast-hfb-below-header-display":"","ast-hfb-mobile-header-display":"","site-post-title":"disabled","ast-breadcrumbs-content":"","ast-featured-img":"disabled","footer-sml-layout":"","ast-disable-related-posts":"","theme-transparent-header-meta":"default","adv-header-id-meta":"","stick-header-meta":"","header-above-stick-meta":"","header-main-stick-meta":"","header-below-stick-meta":"","astra-migrate-meta-layouts":"default","ast-page-background-enabled":"default","ast-page-background-meta":{"desktop":{"background-color":"var(--ast-global-color-5)","background-image":"","background-repeat":"repeat","background-position":"center center","background-size":"auto","background-attachment":"scroll","background-type":"","background-media":"","overlay-type":"","overlay-color":"","overlay-opacity":"","overlay-gradient":""},"tablet":{"background-color":"","background-image":"","background-repeat":"repeat","background-position":"center center","background-size":"auto","background-attachment":"scroll","background-type":"","background-media":"","overlay-type":"","overlay-color":"","overlay-opacity":"","overlay-gradient":""},"mobile":{"background-color":"","background-image":"","background-repeat":"repeat","background-position":"center center","background-size":"auto","background-attachment":"scroll","background-type":"","background-media":"","overlay-type":"","overlay-color":"","overlay-opacity":"","overlay-gradient":""}},"ast-content-background-meta":{"desktop":{"background-color":"var(--ast-global-color-4)","background-image":"","background-repeat":"repeat","background-position":"center center","background-size":"auto","background-attachment":"scroll","background-type":"","background-media":"","overlay-type":"","overlay-color":"","overlay-opacity":"","overlay-gradient":""},"tablet":{"background-color":"var(--ast-global-color-4)","background-image":"","background-repeat":"repeat","background-position":"center center","background-size":"auto","background-attachment":"scroll","background-type":"","background-media":"","overlay-type":"","overlay-color":"","overlay-opacity":"","overlay-gradient":""},"mobile":{"background-color":"var(--ast-global-color-4)","background-image":"","background-repeat":"repeat","background-position":"center center","background-size":"auto","background-attachment":"scroll","background-type":"","background-media":"","overlay-type":"","overlay-color":"","overlay-opacity":"","overlay-gradient":""}},"footnotes":""},"class_list":["post-2904","page","type-page","status-publish","hentry"],"yoast_head":"<!-- This site is optimized with the Yoast SEO plugin v27.2 - https:\/\/yoast.com\/product\/yoast-seo-wordpress\/ -->\n<title>Ubicaci\u00f3n - casaskaren<\/title>\n<meta name=\"robots\" content=\"index, follow, max-snippet:-1, max-image-preview:large, max-video-preview:-1\" \/>\n<link rel=\"canonical\" href=\"https:\/\/casaskaren.com\/es\/ubicacion\/\" \/>\n<meta property=\"og:locale\" content=\"es_ES\" \/>\n<meta property=\"og:type\" content=\"article\" \/>\n<meta property=\"og:title\" content=\"Ubicaci\u00f3n - casaskaren\" \/>\n<meta property=\"og:description\" content=\"LOCALIZACI\u00d3N Casas Karen est\u00e1 situado en Los Ca\u00f1os de Meca, en la Costa de la Luz, una de las costas [&hellip;]\" \/>\n<meta property=\"og:url\" content=\"https:\/\/casaskaren.com\/es\/ubicacion\/\" \/>\n<meta property=\"og:site_name\" content=\"casaskaren\" \/>\n<meta property=\"article:modified_time\" content=\"2025-07-21T15:09:43+00:00\" \/>\n<meta property=\"og:image\" content=\"https:\/\/casaskaren.com\/wp-content\/uploads\/2025\/06\/mapa-de-canos-de-meca.jpeg\" \/>\n<meta name=\"twitter:card\" content=\"summary_large_image\" \/>\n<meta name=\"twitter:label1\" content=\"Tiempo de lectura\" \/>\n\t<meta name=\"twitter:data1\" content=\"9 minutos\" \/>\n<script type=\"application\/ld+json\" class=\"yoast-schema-graph\">{\"@context\":\"https:\/\/schema.org\",\"@graph\":[{\"@type\":\"WebPage\",\"@id\":\"https:\/\/casaskaren.com\/es\/ubicacion\/\",\"url\":\"https:\/\/casaskaren.com\/es\/ubicacion\/\",\"name\":\"Ubicaci\u00f3n - casaskaren\",\"isPartOf\":{\"@id\":\"https:\/\/casaskaren.com\/es\/#website\"},\"primaryImageOfPage\":{\"@id\":\"https:\/\/casaskaren.com\/es\/ubicacion\/#primaryimage\"},\"image\":{\"@id\":\"https:\/\/casaskaren.com\/es\/ubicacion\/#primaryimage\"},\"thumbnailUrl\":\"https:\/\/casaskaren.com\/wp-content\/uploads\/2025\/06\/mapa-de-canos-de-meca.jpeg\",\"datePublished\":\"2025-05-29T19:00:10+00:00\",\"dateModified\":\"2025-07-21T15:09:43+00:00\",\"breadcrumb\":{\"@id\":\"https:\/\/casaskaren.com\/es\/ubicacion\/#breadcrumb\"},\"inLanguage\":\"es\",\"potentialAction\":[{\"@type\":\"ReadAction\",\"target\":[\"https:\/\/casaskaren.com\/es\/ubicacion\/\"]}]},{\"@type\":\"ImageObject\",\"inLanguage\":\"es\",\"@id\":\"https:\/\/casaskaren.com\/es\/ubicacion\/#primaryimage\",\"url\":\"https:\/\/casaskaren.com\/wp-content\/uploads\/2025\/06\/mapa-de-canos-de-meca.jpeg\",\"contentUrl\":\"https:\/\/casaskaren.com\/wp-content\/uploads\/2025\/06\/mapa-de-canos-de-meca.jpeg\"},{\"@type\":\"BreadcrumbList\",\"@id\":\"https:\/\/casaskaren.com\/es\/ubicacion\/#breadcrumb\",\"itemListElement\":[{\"@type\":\"ListItem\",\"position\":1,\"name\":\"Home\",\"item\":\"https:\/\/casaskaren.com\/es\/\"},{\"@type\":\"ListItem\",\"position\":2,\"name\":\"Ubicaci\u00f3n\"}]},{\"@type\":\"WebSite\",\"@id\":\"https:\/\/casaskaren.com\/es\/#website\",\"url\":\"https:\/\/casaskaren.com\/es\/\",\"name\":\"casaskaren\",\"description\":\"\",\"publisher\":{\"@id\":\"https:\/\/casaskaren.com\/es\/#organization\"},\"potentialAction\":[{\"@type\":\"SearchAction\",\"target\":{\"@type\":\"EntryPoint\",\"urlTemplate\":\"https:\/\/casaskaren.com\/es\/?s={search_term_string}\"},\"query-input\":{\"@type\":\"PropertyValueSpecification\",\"valueRequired\":true,\"valueName\":\"search_term_string\"}}],\"inLanguage\":\"es\"},{\"@type\":\"Organization\",\"@id\":\"https:\/\/casaskaren.com\/es\/#organization\",\"name\":\"casaskaren\",\"url\":\"https:\/\/casaskaren.com\/es\/\",\"logo\":{\"@type\":\"ImageObject\",\"inLanguage\":\"es\",\"@id\":\"https:\/\/casaskaren.com\/es\/#\/schema\/logo\/image\/\",\"url\":\"https:\/\/casaskaren.com\/wp-content\/uploads\/2025\/06\/logotipo-casas-karen.jpg\",\"contentUrl\":\"https:\/\/casaskaren.com\/wp-content\/uploads\/2025\/06\/logotipo-casas-karen.jpg\",\"width\":1332,\"height\":420,\"caption\":\"casaskaren\"},\"image\":{\"@id\":\"https:\/\/casaskaren.com\/es\/#\/schema\/logo\/image\/\"}}]}<\/script>\n<!-- \/ Yoast SEO plugin. -->","yoast_head_json":{"title":"Ubicaci\u00f3n - casaskaren","robots":{"index":"index","follow":"follow","max-snippet":"max-snippet:-1","max-image-preview":"max-image-preview:large","max-video-preview":"max-video-preview:-1"},"canonical":"https:\/\/casaskaren.com\/es\/ubicacion\/","og_locale":"es_ES","og_type":"article","og_title":"Ubicaci\u00f3n - casaskaren","og_description":"LOCALIZACI\u00d3N Casas Karen est\u00e1 situado en Los Ca\u00f1os de Meca, en la Costa de la Luz, una de las costas [&hellip;]","og_url":"https:\/\/casaskaren.com\/es\/ubicacion\/","og_site_name":"casaskaren","article_modified_time":"2025-07-21T15:09:43+00:00","og_image":[{"url":"https:\/\/casaskaren.com\/wp-content\/uploads\/2025\/06\/mapa-de-canos-de-meca.jpeg","type":"","width":"","height":""}],"twitter_card":"summary_large_image","twitter_misc":{"Tiempo de lectura":"9 minutos"},"schema":{"@context":"https:\/\/schema.org","@graph":[{"@type":"WebPage","@id":"https:\/\/casaskaren.com\/es\/ubicacion\/","url":"https:\/\/casaskaren.com\/es\/ubicacion\/","name":"Ubicaci\u00f3n - casaskaren","isPartOf":{"@id":"https:\/\/casaskaren.com\/es\/#website"},"primaryImageOfPage":{"@id":"https:\/\/casaskaren.com\/es\/ubicacion\/#primaryimage"},"image":{"@id":"https:\/\/casaskaren.com\/es\/ubicacion\/#primaryimage"},"thumbnailUrl":"https:\/\/casaskaren.com\/wp-content\/uploads\/2025\/06\/mapa-de-canos-de-meca.jpeg","datePublished":"2025-05-29T19:00:10+00:00","dateModified":"2025-07-21T15:09:43+00:00","breadcrumb":{"@id":"https:\/\/casaskaren.com\/es\/ubicacion\/#breadcrumb"},"inLanguage":"es","potentialAction":[{"@type":"ReadAction","target":["https:\/\/casaskaren.com\/es\/ubicacion\/"]}]},{"@type":"ImageObject","inLanguage":"es","@id":"https:\/\/casaskaren.com\/es\/ubicacion\/#primaryimage","url":"https:\/\/casaskaren.com\/wp-content\/uploads\/2025\/06\/mapa-de-canos-de-meca.jpeg","contentUrl":"https:\/\/casaskaren.com\/wp-content\/uploads\/2025\/06\/mapa-de-canos-de-meca.jpeg"},{"@type":"BreadcrumbList","@id":"https:\/\/casaskaren.com\/es\/ubicacion\/#breadcrumb","itemListElement":[{"@type":"ListItem","position":1,"name":"Home","item":"https:\/\/casaskaren.com\/es\/"},{"@type":"ListItem","position":2,"name":"Ubicaci\u00f3n"}]},{"@type":"WebSite","@id":"https:\/\/casaskaren.com\/es\/#website","url":"https:\/\/casaskaren.com\/es\/","name":"casaskaren","description":"","publisher":{"@id":"https:\/\/casaskaren.com\/es\/#organization"},"potentialAction":[{"@type":"SearchAction","target":{"@type":"EntryPoint","urlTemplate":"https:\/\/casaskaren.com\/es\/?s={search_term_string}"},"query-input":{"@type":"PropertyValueSpecification","valueRequired":true,"valueName":"search_term_string"}}],"inLanguage":"es"},{"@type":"Organization","@id":"https:\/\/casaskaren.com\/es\/#organization","name":"casaskaren","url":"https:\/\/casaskaren.com\/es\/","logo":{"@type":"ImageObject","inLanguage":"es","@id":"https:\/\/casaskaren.com\/es\/#\/schema\/logo\/image\/","url":"https:\/\/casaskaren.com\/wp-content\/uploads\/2025\/06\/logotipo-casas-karen.jpg","contentUrl":"https:\/\/casaskaren.com\/wp-content\/uploads\/2025\/06\/logotipo-casas-karen.jpg","width":1332,"height":420,"caption":"casaskaren"},"image":{"@id":"https:\/\/casaskaren.com\/es\/#\/schema\/logo\/image\/"}}]}},"_links":{"self":[{"href":"https:\/\/casaskaren.com\/es\/wp-json\/wp\/v2\/pages\/2904","targetHints":{"allow":["GET"]}}],"collection":[{"href":"https:\/\/casaskaren.com\/es\/wp-json\/wp\/v2\/pages"}],"about":[{"href":"https:\/\/casaskaren.com\/es\/wp-json\/wp\/v2\/types\/page"}],"author":[{"embeddable":true,"href":"https:\/\/casaskaren.com\/es\/wp-json\/wp\/v2\/users\/1"}],"replies":[{"embeddable":true,"href":"https:\/\/casaskaren.com\/es\/wp-json\/wp\/v2\/comments?post=2904"}],"version-history":[{"count":1,"href":"https:\/\/casaskaren.com\/es\/wp-json\/wp\/v2\/pages\/2904\/revisions"}],"predecessor-version":[{"id":2929,"href":"https:\/\/casaskaren.com\/es\/wp-json\/wp\/v2\/pages\/2904\/revisions\/2929"}],"wp:attachment":[{"href":"https:\/\/casaskaren.com\/es\/wp-json\/wp\/v2\/media?parent=2904"}],"curies":[{"name":"wp","href":"https:\/\/api.w.org\/{rel}","templated":true}]}}